{"id":157,"date":"2011-08-19T21:37:10","date_gmt":"2011-08-19T21:37:10","guid":{"rendered":"https:\/\/www.atrapasuenos.cl\/?page_id=157"},"modified":"2021-11-29T17:12:49","modified_gmt":"2021-11-29T17:12:49","slug":"157-2","status":"publish","type":"page","link":"https:\/\/www.atrapasuenos.cl\/?page_id=157","title":{"rendered":"Sobre Sus Obras"},"content":{"rendered":"<h2><strong><span style=\"color: #ff99cc;\">Sus Obras:<\/span><\/strong><\/h2>\n<h3 style=\"text-align: justify;\"><strong><span style=\"color: #ff99cc;\">\u00abEl Hombre Inconcluso, Desarrollo Personal y Clase Social\u00bb (137 pag.) Colecci\u00f3n Cintras 1988.<\/span><\/strong><\/h3>\n<p><span style=\"color: #000000;\"><a href=\"https:\/\/www.atrapasuenos.cl\/?attachment_id=1097\" rel=\"attachment wp-att-1097\"><img loading=\"lazy\" decoding=\"async\" class=\"alignleft wp-image-1097 \" src=\"http:\/\/www.atrapasuenos.cl\/wp-content\/uploads\/2011\/08\/El-hombre-inconcluso-218x300.jpg\" alt=\"\" width=\"197\" height=\"271\" srcset=\"https:\/\/www.atrapasuenos.cl\/wp-content\/uploads\/2011\/08\/El-hombre-inconcluso-218x300.jpg 218w, https:\/\/www.atrapasuenos.cl\/wp-content\/uploads\/2011\/08\/El-hombre-inconcluso-350x481.jpg 350w, https:\/\/www.atrapasuenos.cl\/wp-content\/uploads\/2011\/08\/El-hombre-inconcluso-768x1056.jpg 768w, https:\/\/www.atrapasuenos.cl\/wp-content\/uploads\/2011\/08\/El-hombre-inconcluso-749x1030.jpg 749w, https:\/\/www.atrapasuenos.cl\/wp-content\/uploads\/2011\/08\/El-hombre-inconcluso-1091x1500.jpg 1091w, https:\/\/www.atrapasuenos.cl\/wp-content\/uploads\/2011\/08\/El-hombre-inconcluso-513x705.jpg 513w, https:\/\/www.atrapasuenos.cl\/wp-content\/uploads\/2011\/08\/El-hombre-inconcluso-450x619.jpg 450w, https:\/\/www.atrapasuenos.cl\/wp-content\/uploads\/2011\/08\/El-hombre-inconcluso.jpg 1236w\" sizes=\"auto, (max-width: 197px) 100vw, 197px\" \/><\/a>A partir del punto de vista hist\u00f3rico-social\u00a0de psicolog\u00eda, que estudia el desarrollo de las personas considerando lo que ha sido el desarrollo de la humanidad y su expresi\u00f3n concreta en una sociedad dada, este Ensayo describe c\u00f3mo se adquieren algunas capacidades muy espec\u00edficamente humanas mediante la apropiaci\u00f3n del patrimonio cultural, ese conjunto de bienes materiales y espirituales donde se ha ido depositando la experiencia social acumulada por una sociedad hist\u00f3rica. La desigualdades del desarrollo personal se explicar\u00e1n b\u00e1sicamente por las oportunidades de acceso a ese patrimonio cultural, determinadas, en \u00faltima instancia, por las condiciones concretas de la vida en que nacen y crecen las personas de acuerdo a su ubicaci\u00f3n de clase social.<\/span><\/p>\n<hr \/>\n<h3><\/h3>\n<h3><strong><span style=\"color: #ff99cc;\">\u00a0\u00a0\u201cTemas de Psiquiatr\u00eda\u201d (253 pag.) Editorial LOM 1999.\u00a0<\/span><\/strong><\/h3>\n<p><span style=\"color: #000000;\"><a href=\"https:\/\/www.atrapasuenos.cl\/?attachment_id=1099\" rel=\"attachment wp-att-1099\"><img loading=\"lazy\" decoding=\"async\" class=\" wp-image-1099 alignleft\" src=\"http:\/\/www.atrapasuenos.cl\/wp-content\/uploads\/2011\/08\/Temas-de-psiquiatria-227x300.jpg\" alt=\"\" width=\"198\" height=\"262\" srcset=\"https:\/\/www.atrapasuenos.cl\/wp-content\/uploads\/2011\/08\/Temas-de-psiquiatria-227x300.jpg 227w, https:\/\/www.atrapasuenos.cl\/wp-content\/uploads\/2011\/08\/Temas-de-psiquiatria-350x462.jpg 350w, https:\/\/www.atrapasuenos.cl\/wp-content\/uploads\/2011\/08\/Temas-de-psiquiatria-768x1014.jpg 768w, https:\/\/www.atrapasuenos.cl\/wp-content\/uploads\/2011\/08\/Temas-de-psiquiatria-780x1030.jpg 780w, https:\/\/www.atrapasuenos.cl\/wp-content\/uploads\/2011\/08\/Temas-de-psiquiatria-1136x1500.jpg 1136w, https:\/\/www.atrapasuenos.cl\/wp-content\/uploads\/2011\/08\/Temas-de-psiquiatria-534x705.jpg 534w, https:\/\/www.atrapasuenos.cl\/wp-content\/uploads\/2011\/08\/Temas-de-psiquiatria-450x594.jpg 450w, https:\/\/www.atrapasuenos.cl\/wp-content\/uploads\/2011\/08\/Temas-de-psiquiatria.jpg 1248w\" sizes=\"auto, (max-width: 198px) 100vw, 198px\" \/><\/a>En el proceso de\u00a0desarrollo que ha tenido la psiquiatr\u00eda a partir\u00a0de una especialidad m\u00e9dica que se ocupaba de las enfermedades mentales entendidas como enfermedades del cerebro, ha ido incorporando nuevas formas a la reflexi\u00f3n te\u00f3rica y nuevas tareas a su actividad pr\u00e1ctica. El m\u00e9todo epidemiol\u00f3gico, complementario del m\u00e9todo cl\u00ednico, abri\u00f3 muchas interrogantes que iban m\u00e1s all\u00e1\u00a0de la psiquiatr\u00eda tradicional, y oblig\u00f3 a tomar en cuenta nuevos aspectos en la etiopatiogenia de las enfermedades mentales.\u00a0La prevenci\u00f3n de los trastornos mentales pas\u00f3 a ser una tarea prioritaria de la psiquiatr\u00eda, que sale del caso individual para encarar el estudio de grupos de poblaci\u00f3n. <\/span><\/p>\n<p style=\"text-align: justify;\"><span style=\"color: #000000;\">Pero la Psiquiatr\u00eda no se agota en la prevenci\u00f3n y tratamiento de las enfermedades mentales. A diferencia de otras especialidades, la salud mental no se define por la ausencia de enfermedad, y se propone en cambio una tarea m\u00e1s compleja: estimular la mejores posibilidades para un mayor crecimiento psicol\u00f3gico \u00a0de la persona a lo largo de su vida. Visto as\u00ed, la psiquiatr\u00eda, junto con examinar las causas de los distintos trastornos\u00a0 mentales (factores gen\u00e9ticos, noxas biol\u00f3gicas adquiridas, experiencias biogr\u00e1ficas traum\u00e1ticas, conflictos intra e inter subjetivos, estresores psicosociales, etc.), deber\u00e1 considerar tambi\u00e9n un conjunto\u00a0 de factores socioculturales, socioecon\u00f3micos y sociopol\u00edticos, de los que puede depender en gran medida que se asista a un estancamiento o a un crecimiento en el desarrollo de las personas.<\/span><\/p>\n<p style=\"text-align: justify;\"><span style=\"color: #000000;\">Temas de Psiquiatr\u00eda es una colecci\u00f3n de nueve cap\u00edtulos que tocan distintos aspectos de la especialidad. Si bien los cap\u00edtulos pueden leerse en forma independiente, el texto est\u00e1 cruzado por una idea central: ver la psiquiatr\u00eda de una manera amplia, despojada de todo reduccionismo excluyente, como una disciplina que tiene que abordarse necesariamente con un enfoque multidisciplinario.<\/span><\/p>\n<hr \/>\n<h3><strong><span style=\"color: #ff99cc;\">\u201cPara Leer a Jaspers\u201d (176 pag.) Editorial\u00a0Universitaria 2003.<\/span><\/strong><\/h3>\n<p style=\"text-align: justify;\"><span style=\"color: #000000;\">La Psicopatolog\u00eda General de Jaspers (1913) introdujo la reflexi\u00f3n metodol\u00f3gica en el campo de la <a href=\"https:\/\/www.atrapasuenos.cl\/?attachment_id=1100\" rel=\"attachment wp-att-1100\"><img loading=\"lazy\" decoding=\"async\" class=\" wp-image-1100 alignleft\" src=\"http:\/\/www.atrapasuenos.cl\/wp-content\/uploads\/2011\/08\/Para-leer-202x300.jpg\" alt=\"\" width=\"185\" height=\"275\" srcset=\"https:\/\/www.atrapasuenos.cl\/wp-content\/uploads\/2011\/08\/Para-leer-202x300.jpg 202w, https:\/\/www.atrapasuenos.cl\/wp-content\/uploads\/2011\/08\/Para-leer-350x520.jpg 350w, https:\/\/www.atrapasuenos.cl\/wp-content\/uploads\/2011\/08\/Para-leer-768x1141.jpg 768w, https:\/\/www.atrapasuenos.cl\/wp-content\/uploads\/2011\/08\/Para-leer-694x1030.jpg 694w, https:\/\/www.atrapasuenos.cl\/wp-content\/uploads\/2011\/08\/Para-leer-1010x1500.jpg 1010w, https:\/\/www.atrapasuenos.cl\/wp-content\/uploads\/2011\/08\/Para-leer-475x705.jpg 475w, https:\/\/www.atrapasuenos.cl\/wp-content\/uploads\/2011\/08\/Para-leer-450x668.jpg 450w, https:\/\/www.atrapasuenos.cl\/wp-content\/uploads\/2011\/08\/Para-leer.jpg 1204w\" sizes=\"auto, (max-width: 185px) 100vw, 185px\" \/><\/a>psiquiatr\u00eda. Si el objeto de la psicopatolog\u00eda -entendida como una ciencia emp\u00edrica- es todo lo que acontece en el hombre ps\u00edquicamente enfermo, ese objeto como un todo, no es abordable por la investigaci\u00f3n emp\u00edrica, que es siempre conocimiento de lo particular. El hombre ps\u00edquicamente enfermo deber\u00e1 mostrarse en aspectos o dimensiones particulares. La pluridimensionalidad del objeto de la psiquiatr\u00eda se corresponde necesariamente con el pluralismo metodol\u00f3gico indispensable para su estudio. Jaspers ha insistido que la psicopatolog\u00eda -y \u00e9sta es su peculiaridad- tiene que ser explicativa (con m\u00e9todos propios de las ciencias naturales), y a la vez comprensiva ( con m\u00e9todos propios de las ciencias del hombre).<\/span><\/p>\n<p style=\"text-align: justify;\"><span style=\"color: #000000;\">Este libro procura facilitar el acceso a los aspectos esenciales de la \u00abPsicopatolog\u00eda General\u00bb de Jaspers, como una manera de invitar a la lectura directa del texto, y as\u00ed captar el pensamiento jasperiano en toda su anchura y profundidad. En el \u00faltimo cap\u00edtulo se plantea la vigencia de Jaspers en la discusi\u00f3n sobre diversos aspectos epistemol\u00f3gicos que se debaten en la psiquiatr\u00eda actual.<\/span><\/p>\n<p><span style=\"color: #000000;\">\u00a0<\/span><\/p>\n<hr \/>\n<dl>\n<dt class=\"wp-caption-dt\"><\/dt>\n<\/dl>\n<div class=\"mceTemp\">\n<h3><span style=\"color: #ffa500; font-size: 16px;\"><br \/>\n<strong><span style=\"color: #ff99cc;\">\u00abPsiquiatr\u00eda Cl\u00ednica en la Unidad de Corta Estad\u00eda\u00bb\u00a0(128 pag.) Editorial Iku 2006.<\/span><\/strong><\/span><\/h3>\n<\/div>\n<p class=\"mceTemp\" style=\"text-align: justify;\"><span style=\"color: #000000;\"><a href=\"https:\/\/www.atrapasuenos.cl\/?attachment_id=1101\" rel=\"attachment wp-att-1101\"><img loading=\"lazy\" decoding=\"async\" class=\" wp-image-1101 alignleft\" src=\"http:\/\/www.atrapasuenos.cl\/wp-content\/uploads\/2011\/08\/Psiquiatria-clinica-209x300.jpg\" alt=\"\" width=\"191\" height=\"274\" srcset=\"https:\/\/www.atrapasuenos.cl\/wp-content\/uploads\/2011\/08\/Psiquiatria-clinica-209x300.jpg 209w, https:\/\/www.atrapasuenos.cl\/wp-content\/uploads\/2011\/08\/Psiquiatria-clinica-350x502.jpg 350w, https:\/\/www.atrapasuenos.cl\/wp-content\/uploads\/2011\/08\/Psiquiatria-clinica-768x1102.jpg 768w, https:\/\/www.atrapasuenos.cl\/wp-content\/uploads\/2011\/08\/Psiquiatria-clinica-718x1030.jpg 718w, https:\/\/www.atrapasuenos.cl\/wp-content\/uploads\/2011\/08\/Psiquiatria-clinica-1045x1500.jpg 1045w, https:\/\/www.atrapasuenos.cl\/wp-content\/uploads\/2011\/08\/Psiquiatria-clinica-491x705.jpg 491w, https:\/\/www.atrapasuenos.cl\/wp-content\/uploads\/2011\/08\/Psiquiatria-clinica-450x646.jpg 450w, https:\/\/www.atrapasuenos.cl\/wp-content\/uploads\/2011\/08\/Psiquiatria-clinica.jpg 1168w\" sizes=\"auto, (max-width: 191px) 100vw, 191px\" \/><\/a>En este libro el autor revisa los s\u00edndromes psicopatol\u00f3gicos que se observan con mayor frecuencia en una Unidad de Corta Estad\u00eda. <\/span><span style=\"color: #000000;\">Cada cap\u00edtulo consta de tres secciones:<\/span><\/p>\n<ul>\n<li class=\"mceTemp\" style=\"text-align: justify;\"><span style=\"color: #000000;\">Descripci\u00f3n del s\u00edndrome: exploraci\u00f3n con metodolog\u00eda fenomenol\u00f3gica en sentido amplio.<\/span><\/li>\n<li class=\"mceTemp\" style=\"text-align: justify;\"><span style=\"color: #000000;\">Diagn\u00f3stico diferencial: an\u00e1lisis de las diversas entidades nosol\u00f3gicas en las que puede presentarse el sindrome dado.<\/span><\/li>\n<li class=\"mceTemp\" style=\"text-align: justify;\"><span style=\"color: #000000;\">Discusi\u00f3n: comentario de algunos problemas generales relacionados con el asunto en estudio<\/span><\/li>\n<\/ul>\n<p class=\"mceTemp\" style=\"text-align: justify;\"><span style=\"color: #000000;\">La intenci\u00f3n del libro, expresamente did\u00e1ctica, est\u00e1 centrada en la capacitaci\u00f3n semiol\u00f3gica y el entrenamiento en la reflexi\u00f3n cl\u00ednica alrededor de pacientes de alta complejidad, dos recursos muy necesarios para el m\u00e9dico que se est\u00e1 iniciando en la especialidad de psiquiatr\u00eda de adultos. Para una mayor profundizaci\u00f3n de los temas, en cada cap\u00edtulo se han recomendado algunas lecturas, una selecci\u00f3n que procura combinar autores \u00abcl\u00e1sicos\u00bb con otros contempor\u00e1neos.<\/span><\/p>\n","protected":false},"excerpt":{"rendered":"<p>Sus Obras: \u00abEl Hombre Inconcluso, Desarrollo Personal y Clase Social\u00bb (137 pag.) Colecci\u00f3n Cintras 1988. A partir del punto de vista hist\u00f3rico-social\u00a0de psicolog\u00eda, que estudia el desarrollo de las personas considerando lo que ha sido el desarrollo de la humanidad y su expresi\u00f3n concreta en una sociedad dada, este Ensayo describe c\u00f3mo se adquieren algunas capacidades muy espec\u00edficamente humanas mediante [&hellip;]<\/p>\n","protected":false},"author":3,"featured_media":0,"parent":2,"menu_order":2,"comment_status":"closed","ping_status":"closed","template":"","meta":{"footnotes":""},"class_list":["post-157","page","type-page","status-publish","hentry"],"yoast_head":"<!-- This site is optimized with the Yoast SEO plugin v23.4 - https:\/\/yoast.com\/wordpress\/plugins\/seo\/ -->\n<title>Sobre Sus Obras - Corporaci\u00f3n Atrapasue\u00f1os<\/title>\n<meta name=\"robots\" content=\"index, follow, max-snippet:-1, max-image-preview:large, max-video-preview:-1\" \/>\n<link rel=\"canonical\" href=\"https:\/\/www.atrapasuenos.cl\/?page_id=157\" \/>\n<meta property=\"og:locale\" content=\"es_ES\" \/>\n<meta property=\"og:type\" content=\"article\" \/>\n<meta property=\"og:title\" content=\"Sobre Sus Obras - Corporaci\u00f3n Atrapasue\u00f1os\" \/>\n<meta property=\"og:description\" content=\"Sus Obras: \u00abEl Hombre Inconcluso, Desarrollo Personal y Clase Social\u00bb (137 pag.) Colecci\u00f3n Cintras 1988. A partir del punto de vista hist\u00f3rico-social\u00a0de psicolog\u00eda, que estudia el desarrollo de las personas considerando lo que ha sido el desarrollo de la humanidad y su expresi\u00f3n concreta en una sociedad dada, este Ensayo describe c\u00f3mo se adquieren algunas capacidades muy espec\u00edficamente humanas mediante [&hellip;]\" \/>\n<meta property=\"og:url\" content=\"https:\/\/www.atrapasuenos.cl\/?page_id=157\" \/>\n<meta property=\"og:site_name\" content=\"Corporaci\u00f3n Atrapasue\u00f1os\" \/>\n<meta property=\"article:publisher\" content=\"https:\/\/www.facebook.com\/atrapasuenos.cl\" \/>\n<meta property=\"article:modified_time\" content=\"2021-11-29T17:12:49+00:00\" \/>\n<meta property=\"og:image\" content=\"http:\/\/www.atrapasuenos.cl\/wp-content\/uploads\/2011\/08\/El-hombre-inconcluso-218x300.jpg\" \/>\n<meta name=\"twitter:card\" content=\"summary_large_image\" \/>\n<meta name=\"twitter:label1\" content=\"Tiempo de lectura\" \/>\n\t<meta name=\"twitter:data1\" content=\"4 minutos\" \/>\n<script type=\"application\/ld+json\" class=\"yoast-schema-graph\">{\"@context\":\"https:\/\/schema.org\",\"@graph\":[{\"@type\":\"WebPage\",\"@id\":\"https:\/\/www.atrapasuenos.cl\/?page_id=157\",\"url\":\"https:\/\/www.atrapasuenos.cl\/?page_id=157\",\"name\":\"Sobre Sus Obras - Corporaci\u00f3n Atrapasue\u00f1os\",\"isPartOf\":{\"@id\":\"https:\/\/www.atrapasuenos.cl\/#website\"},\"primaryImageOfPage\":{\"@id\":\"https:\/\/www.atrapasuenos.cl\/?page_id=157#primaryimage\"},\"image\":{\"@id\":\"https:\/\/www.atrapasuenos.cl\/?page_id=157#primaryimage\"},\"thumbnailUrl\":\"http:\/\/www.atrapasuenos.cl\/wp-content\/uploads\/2011\/08\/El-hombre-inconcluso-218x300.jpg\",\"datePublished\":\"2011-08-19T21:37:10+00:00\",\"dateModified\":\"2021-11-29T17:12:49+00:00\",\"breadcrumb\":{\"@id\":\"https:\/\/www.atrapasuenos.cl\/?page_id=157#breadcrumb\"},\"inLanguage\":\"es\",\"potentialAction\":[{\"@type\":\"ReadAction\",\"target\":[\"https:\/\/www.atrapasuenos.cl\/?page_id=157\"]}]},{\"@type\":\"ImageObject\",\"inLanguage\":\"es\",\"@id\":\"https:\/\/www.atrapasuenos.cl\/?page_id=157#primaryimage\",\"url\":\"https:\/\/www.atrapasuenos.cl\/wp-content\/uploads\/2011\/08\/El-hombre-inconcluso.jpg\",\"contentUrl\":\"https:\/\/www.atrapasuenos.cl\/wp-content\/uploads\/2011\/08\/El-hombre-inconcluso.jpg\",\"width\":1236,\"height\":1700},{\"@type\":\"BreadcrumbList\",\"@id\":\"https:\/\/www.atrapasuenos.cl\/?page_id=157#breadcrumb\",\"itemListElement\":[{\"@type\":\"ListItem\",\"position\":1,\"name\":\"Portada\",\"item\":\"https:\/\/www.atrapasuenos.cl\/\"},{\"@type\":\"ListItem\",\"position\":2,\"name\":\"\u00bfQui\u00e9n es Dr. Mario Vidal Climent?\",\"item\":\"https:\/\/www.atrapasuenos.cl\/?page_id=2\"},{\"@type\":\"ListItem\",\"position\":3,\"name\":\"Sobre Sus Obras\"}]},{\"@type\":\"WebSite\",\"@id\":\"https:\/\/www.atrapasuenos.cl\/#website\",\"url\":\"https:\/\/www.atrapasuenos.cl\/\",\"name\":\"Corporaci\u00f3n Atrapasue\u00f1os\",\"description\":\"ILUMINA UNA VIDA, DONA SALUD MENTAL\",\"publisher\":{\"@id\":\"https:\/\/www.atrapasuenos.cl\/#organization\"},\"potentialAction\":[{\"@type\":\"SearchAction\",\"target\":{\"@type\":\"EntryPoint\",\"urlTemplate\":\"https:\/\/www.atrapasuenos.cl\/?s={search_term_string}\"},\"query-input\":{\"@type\":\"PropertyValueSpecification\",\"valueRequired\":true,\"valueName\":\"search_term_string\"}}],\"inLanguage\":\"es\"},{\"@type\":\"Organization\",\"@id\":\"https:\/\/www.atrapasuenos.cl\/#organization\",\"name\":\"Corporaci\u00f3n Atrapasue\u00f1os\",\"url\":\"https:\/\/www.atrapasuenos.cl\/\",\"logo\":{\"@type\":\"ImageObject\",\"inLanguage\":\"es\",\"@id\":\"https:\/\/www.atrapasuenos.cl\/#\/schema\/logo\/image\/\",\"url\":\"http:\/\/www.atrapasuenos.cl\/wp-content\/uploads\/2021\/12\/GC_ATRAPASUENOS.png\",\"contentUrl\":\"http:\/\/www.atrapasuenos.cl\/wp-content\/uploads\/2021\/12\/GC_ATRAPASUENOS.png\",\"width\":300,\"height\":300,\"caption\":\"Corporaci\u00f3n Atrapasue\u00f1os\"},\"image\":{\"@id\":\"https:\/\/www.atrapasuenos.cl\/#\/schema\/logo\/image\/\"},\"sameAs\":[\"https:\/\/www.facebook.com\/atrapasuenos.cl\",\"https:\/\/www.instagram.com\/atrapasuenos.corp\/\"]}]}<\/script>\n<!-- \/ Yoast SEO plugin. -->","yoast_head_json":{"title":"Sobre Sus Obras - Corporaci\u00f3n Atrapasue\u00f1os","robots":{"index":"index","follow":"follow","max-snippet":"max-snippet:-1","max-image-preview":"max-image-preview:large","max-video-preview":"max-video-preview:-1"},"canonical":"https:\/\/www.atrapasuenos.cl\/?page_id=157","og_locale":"es_ES","og_type":"article","og_title":"Sobre Sus Obras - Corporaci\u00f3n Atrapasue\u00f1os","og_description":"Sus Obras: \u00abEl Hombre Inconcluso, Desarrollo Personal y Clase Social\u00bb (137 pag.) Colecci\u00f3n Cintras 1988. A partir del punto de vista hist\u00f3rico-social\u00a0de psicolog\u00eda, que estudia el desarrollo de las personas considerando lo que ha sido el desarrollo de la humanidad y su expresi\u00f3n concreta en una sociedad dada, este Ensayo describe c\u00f3mo se adquieren algunas capacidades muy espec\u00edficamente humanas mediante [&hellip;]","og_url":"https:\/\/www.atrapasuenos.cl\/?page_id=157","og_site_name":"Corporaci\u00f3n Atrapasue\u00f1os","article_publisher":"https:\/\/www.facebook.com\/atrapasuenos.cl","article_modified_time":"2021-11-29T17:12:49+00:00","og_image":[{"url":"http:\/\/www.atrapasuenos.cl\/wp-content\/uploads\/2011\/08\/El-hombre-inconcluso-218x300.jpg"}],"twitter_card":"summary_large_image","twitter_misc":{"Tiempo de lectura":"4 minutos"},"schema":{"@context":"https:\/\/schema.org","@graph":[{"@type":"WebPage","@id":"https:\/\/www.atrapasuenos.cl\/?page_id=157","url":"https:\/\/www.atrapasuenos.cl\/?page_id=157","name":"Sobre Sus Obras - Corporaci\u00f3n Atrapasue\u00f1os","isPartOf":{"@id":"https:\/\/www.atrapasuenos.cl\/#website"},"primaryImageOfPage":{"@id":"https:\/\/www.atrapasuenos.cl\/?page_id=157#primaryimage"},"image":{"@id":"https:\/\/www.atrapasuenos.cl\/?page_id=157#primaryimage"},"thumbnailUrl":"http:\/\/www.atrapasuenos.cl\/wp-content\/uploads\/2011\/08\/El-hombre-inconcluso-218x300.jpg","datePublished":"2011-08-19T21:37:10+00:00","dateModified":"2021-11-29T17:12:49+00:00","breadcrumb":{"@id":"https:\/\/www.atrapasuenos.cl\/?page_id=157#breadcrumb"},"inLanguage":"es","potentialAction":[{"@type":"ReadAction","target":["https:\/\/www.atrapasuenos.cl\/?page_id=157"]}]},{"@type":"ImageObject","inLanguage":"es","@id":"https:\/\/www.atrapasuenos.cl\/?page_id=157#primaryimage","url":"https:\/\/www.atrapasuenos.cl\/wp-content\/uploads\/2011\/08\/El-hombre-inconcluso.jpg","contentUrl":"https:\/\/www.atrapasuenos.cl\/wp-content\/uploads\/2011\/08\/El-hombre-inconcluso.jpg","width":1236,"height":1700},{"@type":"BreadcrumbList","@id":"https:\/\/www.atrapasuenos.cl\/?page_id=157#breadcrumb","itemListElement":[{"@type":"ListItem","position":1,"name":"Portada","item":"https:\/\/www.atrapasuenos.cl\/"},{"@type":"ListItem","position":2,"name":"\u00bfQui\u00e9n es Dr. Mario Vidal Climent?","item":"https:\/\/www.atrapasuenos.cl\/?page_id=2"},{"@type":"ListItem","position":3,"name":"Sobre Sus Obras"}]},{"@type":"WebSite","@id":"https:\/\/www.atrapasuenos.cl\/#website","url":"https:\/\/www.atrapasuenos.cl\/","name":"Corporaci\u00f3n Atrapasue\u00f1os","description":"ILUMINA UNA VIDA, DONA SALUD MENTAL","publisher":{"@id":"https:\/\/www.atrapasuenos.cl\/#organization"},"potentialAction":[{"@type":"SearchAction","target":{"@type":"EntryPoint","urlTemplate":"https:\/\/www.atrapasuenos.cl\/?s={search_term_string}"},"query-input":{"@type":"PropertyValueSpecification","valueRequired":true,"valueName":"search_term_string"}}],"inLanguage":"es"},{"@type":"Organization","@id":"https:\/\/www.atrapasuenos.cl\/#organization","name":"Corporaci\u00f3n Atrapasue\u00f1os","url":"https:\/\/www.atrapasuenos.cl\/","logo":{"@type":"ImageObject","inLanguage":"es","@id":"https:\/\/www.atrapasuenos.cl\/#\/schema\/logo\/image\/","url":"http:\/\/www.atrapasuenos.cl\/wp-content\/uploads\/2021\/12\/GC_ATRAPASUENOS.png","contentUrl":"http:\/\/www.atrapasuenos.cl\/wp-content\/uploads\/2021\/12\/GC_ATRAPASUENOS.png","width":300,"height":300,"caption":"Corporaci\u00f3n Atrapasue\u00f1os"},"image":{"@id":"https:\/\/www.atrapasuenos.cl\/#\/schema\/logo\/image\/"},"sameAs":["https:\/\/www.facebook.com\/atrapasuenos.cl","https:\/\/www.instagram.com\/atrapasuenos.corp\/"]}]}},"_links":{"self":[{"href":"https:\/\/www.atrapasuenos.cl\/index.php?rest_route=\/wp\/v2\/pages\/157","targetHints":{"allow":["GET"]}}],"collection":[{"href":"https:\/\/www.atrapasuenos.cl\/index.php?rest_route=\/wp\/v2\/pages"}],"about":[{"href":"https:\/\/www.atrapasuenos.cl\/index.php?rest_route=\/wp\/v2\/types\/page"}],"author":[{"embeddable":true,"href":"https:\/\/www.atrapasuenos.cl\/index.php?rest_route=\/wp\/v2\/users\/3"}],"replies":[{"embeddable":true,"href":"https:\/\/www.atrapasuenos.cl\/index.php?rest_route=%2Fwp%2Fv2%2Fcomments&post=157"}],"version-history":[{"count":26,"href":"https:\/\/www.atrapasuenos.cl\/index.php?rest_route=\/wp\/v2\/pages\/157\/revisions"}],"predecessor-version":[{"id":1889,"href":"https:\/\/www.atrapasuenos.cl\/index.php?rest_route=\/wp\/v2\/pages\/157\/revisions\/1889"}],"up":[{"embeddable":true,"href":"https:\/\/www.atrapasuenos.cl\/index.php?rest_route=\/wp\/v2\/pages\/2"}],"wp:attachment":[{"href":"https:\/\/www.atrapasuenos.cl\/index.php?rest_route=%2Fwp%2Fv2%2Fmedia&parent=157"}],"curies":[{"name":"wp","href":"https:\/\/api.w.org\/{rel}","templated":true}]}}